{"id":12937,"date":"2025-10-10T01:02:53","date_gmt":"2025-10-10T01:02:53","guid":{"rendered":"https:\/\/pregnancyoptions.spence-chapin.org\/?post_type=families&#038;p=12937"},"modified":"2025-10-10T01:02:54","modified_gmt":"2025-10-10T01:02:54","slug":"pilar-bram","status":"publish","type":"families","link":"https:\/\/pregnancyoptions.spence-chapin.org\/es\/families\/pilar-bram\/","title":{"rendered":"Pilar y Bram"},"content":{"rendered":"<p>Bram y Pilar llevan 9 a\u00f1os casados. Bram siempre supo que quer\u00eda ser padre. Pilar tambi\u00e9n sab\u00eda que quer\u00eda ser madre, y hace unos 10 a\u00f1os, tuvo claro que quer\u00eda ser madre adoptiva. Debido a sus problemas de salud, llevar un embarazo a t\u00e9rmino probablemente habr\u00eda sido complejo dado su historial m\u00e9dico. Tanto Bram como Pilar creen que amar a un ni\u00f1o y brindarle un entorno seguro y amoroso donde crecer es importante. Actualmente, Bram y Pilar tienen los recursos econ\u00f3micos para dar la bienvenida a un cuarto miembro a la familia. Son los orgullosos padres de un hermoso gato calic\u00f3.<\/p>\n\n\n\n<div style=\"height:20px\" aria-hidden=\"true\" class=\"wp-block-spacer\"><\/div>\n\n\n\n<hr class=\"wp-block-separator has-css-opacity is-style-wide\"\/>\n\n\n\n<h2 class=\"wp-block-heading\">Acerca de Pilar<\/h2>\n\n\n\n<figure class=\"wp-block-image size-large is-resized\"><img fetchpriority=\"high\" decoding=\"async\" width=\"681\" height=\"1024\" src=\"https:\/\/pregnancyoptions.spence-chapin.org\/wp-content\/uploads\/2025\/10\/Pilar-Photo-681x1024.jpg\" alt=\"\" class=\"wp-image-13277\" style=\"width:403px;height:auto\" srcset=\"https:\/\/pregnancyoptions.spence-chapin.org\/wp-content\/uploads\/2025\/10\/Pilar-Photo-681x1024.jpg 681w, https:\/\/pregnancyoptions.spence-chapin.org\/wp-content\/uploads\/2025\/10\/Pilar-Photo-200x300.jpg 200w, https:\/\/pregnancyoptions.spence-chapin.org\/wp-content\/uploads\/2025\/10\/Pilar-Photo-768x1154.jpg 768w, https:\/\/pregnancyoptions.spence-chapin.org\/wp-content\/uploads\/2025\/10\/Pilar-Photo-1022x1536.jpg 1022w, https:\/\/pregnancyoptions.spence-chapin.org\/wp-content\/uploads\/2025\/10\/Pilar-Photo-scaled.jpg 1200w, https:\/\/pregnancyoptions.spence-chapin.org\/wp-content\/uploads\/2025\/10\/Pilar-Photo-8x12.jpg 8w\" sizes=\"(max-width: 681px) 100vw, 681px\" \/><\/figure>\n\n\n\n<p>Puesto: Oficial de Comunicaciones en las Naciones Unidas y Grabador\/Artista<\/p>\n\n\n\n<p>Pasatiempos: Nadar, viajar y pasar tiempo con Bram y nuestro gato.<\/p>\n\n\n\n<p>Dato curioso: Pilar naci\u00f3 en Chile y creci\u00f3 en Honduras y Egipto. Tambi\u00e9n ha vivido en Jap\u00f3n, Francia y Washington, D. C. Pilar es artista y grabadora, y le entusiasma ense\u00f1arle arte a su hijo.<\/p>\n\n\n\n<div style=\"height:20px\" aria-hidden=\"true\" class=\"wp-block-spacer\"><\/div>\n\n\n\n<hr class=\"wp-block-separator has-css-opacity is-style-wide\"\/>\n\n\n\n<h2 class=\"wp-block-heading\">Acerca de Bram<\/h2>\n\n\n\n<figure class=\"wp-block-image size-large is-resized\"><img decoding=\"async\" width=\"683\" height=\"1024\" src=\"https:\/\/pregnancyoptions.spence-chapin.org\/wp-content\/uploads\/2025\/10\/Bram-Photo-683x1024.jpg\" alt=\"\" class=\"wp-image-13278\" style=\"width:408px;height:auto\" srcset=\"https:\/\/pregnancyoptions.spence-chapin.org\/wp-content\/uploads\/2025\/10\/Bram-Photo-683x1024.jpg 683w, https:\/\/pregnancyoptions.spence-chapin.org\/wp-content\/uploads\/2025\/10\/Bram-Photo-200x300.jpg 200w, https:\/\/pregnancyoptions.spence-chapin.org\/wp-content\/uploads\/2025\/10\/Bram-Photo-768x1152.jpg 768w, https:\/\/pregnancyoptions.spence-chapin.org\/wp-content\/uploads\/2025\/10\/Bram-Photo-1024x1536.jpg 1024w, https:\/\/pregnancyoptions.spence-chapin.org\/wp-content\/uploads\/2025\/10\/Bram-Photo-scaled.jpg 1200w, https:\/\/pregnancyoptions.spence-chapin.org\/wp-content\/uploads\/2025\/10\/Bram-Photo-8x12.jpg 8w\" sizes=\"(max-width: 683px) 100vw, 683px\" \/><\/figure>\n\n\n\n<p>Trabajo: Candidato a doctorado en Antiguo Testamento, profesor de holand\u00e9s y YouTuber<\/p>\n\n\n\n<p>Pasatiempos: Leer, escribir una novela (aunque nunca la termine) y aprender cosas nuevas sobre el mundo.<\/p>\n\n\n\n<p>Dato curioso: Bram sol\u00eda ser un estudiante promedio con un dominio extremo de los idiomas. \u00a1Ahora es un te\u00f3logo multiling\u00fce que estudia lenguas antiguas por diversi\u00f3n!<\/p>\n\n\n\n<div style=\"height:20px\" aria-hidden=\"true\" class=\"wp-block-spacer\"><\/div>\n\n\n\n<hr class=\"wp-block-separator has-css-opacity is-style-wide\"\/>\n\n\n\n<h2 class=\"wp-block-heading\"><strong>Nuestras vidas<\/strong><\/h2>\n\n\n\n<p>Diariamente, ambos trabajamos a tiempo completo. Bram da clases desde casa dos veces por semana y dedica la mayor parte del resto del tiempo a su doctorado. En su tiempo libre, le gusta leer libros (de fantas\u00eda, ciencia ficci\u00f3n y no ficci\u00f3n) e incluso le gusta escribir ficci\u00f3n. Tambi\u00e9n disfruta de su canal de YouTube, dedicado a la educaci\u00f3n.<\/p>\n\n\n\n<p>Pilar va a la oficina dos d\u00edas a la semana y trabaja desde casa el resto de la semana. Adem\u00e1s de su trabajo habitual, se dedica a la pintura y al grabado. Pasa algunos fines de semana en talleres de impresi\u00f3n en Manhattan y Brooklyn trabajando en sus obras. Tambi\u00e9n disfruta de nadar dos o tres veces por semana.<\/p>\n\n\n\n<p>Juntos, nos gusta dar paseos de vez en cuando, ver series o leer libros. Cuando es posible, nos gusta viajar juntos y disfrutamos descubriendo nuevas comidas y lugares en la ciudad de Nueva York.<\/p>\n\n\n\n<div style=\"height:20px\" aria-hidden=\"true\" class=\"wp-block-spacer\"><\/div>\n\n\n\n<hr class=\"wp-block-separator has-css-opacity is-style-wide\"\/>\n\n\n\n<h2 class=\"wp-block-heading\">Nuestra familia<\/h2>\n\n\n\n<p>Nuestro tercer miembro de la familia lleg\u00f3 a casa a finales de 2021: una preciosa gata calic\u00f3. Aunque es la que lleva la casa, tambi\u00e9n est\u00e1 lista para ser una hermana mayor.<\/p>\n\n\n\n<p>M\u00e1s informaci\u00f3n sobre nuestra familia humana a continuaci\u00f3n:<br>El padre de Bram es due\u00f1o de un peque\u00f1o negocio y una persona emprendedora que no tolera la deshonestidad. Su madre es licenciada en Magisterio, pero opt\u00f3 por ser ama de casa. Es cari\u00f1osa y disfruta de la paz y la tranquilidad. Es una \u00e1vida lectora y le gusta la jardiner\u00eda. Les encanta leer, hacer manualidades (cada uno diferente) y est\u00e1n felizmente casados. El hermano de Bram trabaja en sonido e imagen en festivales y conciertos. Es soltero y no tiene hijos. Viven en los Pa\u00edses Bajos. <\/p>\n\n\n\n<p>El padre de Pilar tiene dos maestr\u00edas: una en Filosof\u00eda y otra en Relaciones Internacionales. Es accesible y tranquilo, y siempre ha demostrado ser un padre responsable y confiable. Su madre obtuvo su licenciatura en Qu\u00edmica y una maestr\u00eda en Control Farmac\u00e9utico. Ha impartido clases de Qu\u00edmica en la universidad y en la preparatoria en Honduras. Es la mejor amiga de Pilar. Nos ha acompa\u00f1ado durante algunos de nuestros problemas de salud m\u00e1s dif\u00edciles. Los padres de Pilar est\u00e1n casados desde 1982 y ahora disfrutan de su jubilaci\u00f3n. El hermano de Pilar cofund\u00f3 una empresa de dise\u00f1o y construcci\u00f3n. Es arquitecto, soltero y no tiene hijos. Viven en Honduras.<\/p>\n\n\n\n<div style=\"height:20px\" aria-hidden=\"true\" class=\"wp-block-spacer\"><\/div>\n\n\n\n<hr class=\"wp-block-separator has-css-opacity is-style-wide\"\/>\n\n\n\n<h2 class=\"wp-block-heading\">Pensamientos finales<\/h2>\n\n\n\n<p>Nos gusta ver la vida como un regalo. No pedimos nacer vivos como seres humanos, pero lo hicimos. Es a la vez el mayor regalo y el mayor desaf\u00edo recibir una vida para vivir. Adem\u00e1s, nacimos en este mundo. No podemos imaginar un regalo m\u00e1s grande que dejarle a este mundo que el legado de un hijo que criamos.<\/p>\n\n\n\n<p><em>-Pilar y Bram<\/em><\/p>\n\n\n\n<p><\/p>","protected":false},"featured_media":13281,"template":"","class_list":["post-12937","families","type-families","status-publish","has-post-thumbnail","hentry"],"acf":[],"yoast_head":"<!-- This site is optimized with the Yoast SEO plugin v27.4 - https:\/\/yoast.com\/product\/yoast-seo-wordpress\/ -->\n<title>Pilar &amp; Bram - Your Pregnancy Choices<\/title>\n<meta name=\"description\" content=\"Bram and Pilar have been married for 9 years. Bram always knew he wanted to be a dad. Pilar also knew she wanted to be a mom, and about 10 years ago, she became certain that she wanted to be an adoptive parent.\" \/>\n<meta name=\"robots\" content=\"index, follow, max-snippet:-1, max-image-preview:large, max-video-preview:-1\" \/>\n<link rel=\"canonical\" href=\"https:\/\/pregnancyoptions.spence-chapin.org\/es\/families\/pilar-bram\/\" \/>\n<meta property=\"og:locale\" content=\"es_MX\" \/>\n<meta property=\"og:type\" content=\"article\" \/>\n<meta property=\"og:title\" content=\"Pilar &amp; Bram - Your Pregnancy Choices\" \/>\n<meta property=\"og:description\" content=\"Bram and Pilar have been married for 9 years. Bram always knew he wanted to be a dad. Pilar also knew she wanted to be a mom, and about 10 years ago, she became certain that she wanted to be an adoptive parent.\" \/>\n<meta property=\"og:url\" content=\"https:\/\/pregnancyoptions.spence-chapin.org\/es\/families\/pilar-bram\/\" \/>\n<meta property=\"og:site_name\" content=\"Your Pregnancy Choices\" \/>\n<meta property=\"article:modified_time\" content=\"2025-10-10T01:02:54+00:00\" \/>\n<meta property=\"og:image\" content=\"https:\/\/pregnancyoptions.spence-chapin.org\/wp-content\/uploads\/2025\/10\/Pilar-Bram-2-scaled.jpg\" \/>\n\t<meta property=\"og:image:width\" content=\"1387\" \/>\n\t<meta property=\"og:image:height\" content=\"924\" \/>\n\t<meta property=\"og:image:type\" content=\"image\/jpeg\" \/>\n<meta name=\"twitter:card\" content=\"summary_large_image\" \/>\n<meta name=\"twitter:label1\" content=\"Est. reading time\" \/>\n\t<meta name=\"twitter:data1\" content=\"4 minutes\" \/>\n<script type=\"application\/ld+json\" class=\"yoast-schema-graph\">{\"@context\":\"https:\\\/\\\/schema.org\",\"@graph\":[{\"@type\":\"WebPage\",\"@id\":\"https:\\\/\\\/pregnancyoptions.spence-chapin.org\\\/families\\\/pilar-bram\\\/\",\"url\":\"https:\\\/\\\/pregnancyoptions.spence-chapin.org\\\/families\\\/pilar-bram\\\/\",\"name\":\"Pilar &amp; Bram - Your Pregnancy Choices\",\"isPartOf\":{\"@id\":\"https:\\\/\\\/yourpregnancychoices.org\\\/#website\"},\"primaryImageOfPage\":{\"@id\":\"https:\\\/\\\/pregnancyoptions.spence-chapin.org\\\/families\\\/pilar-bram\\\/#primaryimage\"},\"image\":{\"@id\":\"https:\\\/\\\/pregnancyoptions.spence-chapin.org\\\/families\\\/pilar-bram\\\/#primaryimage\"},\"thumbnailUrl\":\"https:\\\/\\\/pregnancyoptions.spence-chapin.org\\\/wp-content\\\/uploads\\\/2025\\\/10\\\/Pilar-Bram-2-scaled.jpg\",\"datePublished\":\"2025-10-10T01:02:53+00:00\",\"dateModified\":\"2025-10-10T01:02:54+00:00\",\"description\":\"Bram and Pilar have been married for 9 years. Bram always knew he wanted to be a dad. Pilar also knew she wanted to be a mom, and about 10 years ago, she became certain that she wanted to be an adoptive parent.\",\"breadcrumb\":{\"@id\":\"https:\\\/\\\/pregnancyoptions.spence-chapin.org\\\/families\\\/pilar-bram\\\/#breadcrumb\"},\"inLanguage\":\"es-MX\",\"potentialAction\":[{\"@type\":\"ReadAction\",\"target\":[\"https:\\\/\\\/pregnancyoptions.spence-chapin.org\\\/families\\\/pilar-bram\\\/\"]}]},{\"@type\":\"ImageObject\",\"inLanguage\":\"es-MX\",\"@id\":\"https:\\\/\\\/pregnancyoptions.spence-chapin.org\\\/families\\\/pilar-bram\\\/#primaryimage\",\"url\":\"https:\\\/\\\/pregnancyoptions.spence-chapin.org\\\/wp-content\\\/uploads\\\/2025\\\/10\\\/Pilar-Bram-2-scaled.jpg\",\"contentUrl\":\"https:\\\/\\\/pregnancyoptions.spence-chapin.org\\\/wp-content\\\/uploads\\\/2025\\\/10\\\/Pilar-Bram-2-scaled.jpg\",\"width\":1387,\"height\":924},{\"@type\":\"BreadcrumbList\",\"@id\":\"https:\\\/\\\/pregnancyoptions.spence-chapin.org\\\/families\\\/pilar-bram\\\/#breadcrumb\",\"itemListElement\":[{\"@type\":\"ListItem\",\"position\":1,\"name\":\"Home\",\"item\":\"https:\\\/\\\/pregnancyoptions.spence-chapin.org\\\/\"},{\"@type\":\"ListItem\",\"position\":2,\"name\":\"Pilar &amp; Bram\"}]},{\"@type\":\"WebSite\",\"@id\":\"https:\\\/\\\/yourpregnancychoices.org\\\/#website\",\"url\":\"https:\\\/\\\/yourpregnancychoices.org\\\/\",\"name\":\"Your Pregnancy Choices\",\"description\":\"If you are pregnant and unsure of what to do, explore your options here.\",\"publisher\":{\"@id\":\"https:\\\/\\\/yourpregnancychoices.org\\\/#organization\"},\"potentialAction\":[{\"@type\":\"SearchAction\",\"target\":{\"@type\":\"EntryPoint\",\"urlTemplate\":\"https:\\\/\\\/yourpregnancychoices.org\\\/?s={search_term_string}\"},\"query-input\":{\"@type\":\"PropertyValueSpecification\",\"valueRequired\":true,\"valueName\":\"search_term_string\"}}],\"inLanguage\":\"es-MX\"},{\"@type\":\"Organization\",\"@id\":\"https:\\\/\\\/yourpregnancychoices.org\\\/#organization\",\"name\":\"Your Pregnancy Choices\",\"url\":\"https:\\\/\\\/yourpregnancychoices.org\\\/\",\"logo\":{\"@type\":\"ImageObject\",\"inLanguage\":\"es-MX\",\"@id\":\"https:\\\/\\\/yourpregnancychoices.org\\\/#\\\/schema\\\/logo\\\/image\\\/\",\"url\":\"https:\\\/\\\/pregnancyoptions.spence-chapin.org\\\/wp-content\\\/uploads\\\/2019\\\/10\\\/cropped-SpenceChapin-Logo-FINAL_Primary-TaglineGeneral-FullColor.png\",\"contentUrl\":\"https:\\\/\\\/pregnancyoptions.spence-chapin.org\\\/wp-content\\\/uploads\\\/2019\\\/10\\\/cropped-SpenceChapin-Logo-FINAL_Primary-TaglineGeneral-FullColor.png\",\"width\":1207,\"height\":255,\"caption\":\"Your Pregnancy Choices\"},\"image\":{\"@id\":\"https:\\\/\\\/yourpregnancychoices.org\\\/#\\\/schema\\\/logo\\\/image\\\/\"}}]}<\/script>\n<!-- \/ Yoast SEO plugin. -->","yoast_head_json":{"title":"Pilar y Bram - Tus opciones durante el embarazo","description":"Bram y Pilar llevan casados nueve a\u00f1os. Bram siempre supo que quer\u00eda ser padre. Pilar tambi\u00e9n sab\u00eda que quer\u00eda ser madre, y hace unos diez a\u00f1os, tuvo la certeza de que quer\u00eda ser madre adoptiva.","robots":{"index":"index","follow":"follow","max-snippet":"max-snippet:-1","max-image-preview":"max-image-preview:large","max-video-preview":"max-video-preview:-1"},"canonical":"https:\/\/pregnancyoptions.spence-chapin.org\/es\/families\/pilar-bram\/","og_locale":"es_MX","og_type":"article","og_title":"Pilar &amp; Bram - Your Pregnancy Choices","og_description":"Bram and Pilar have been married for 9 years. Bram always knew he wanted to be a dad. Pilar also knew she wanted to be a mom, and about 10 years ago, she became certain that she wanted to be an adoptive parent.","og_url":"https:\/\/pregnancyoptions.spence-chapin.org\/es\/families\/pilar-bram\/","og_site_name":"Your Pregnancy Choices","article_modified_time":"2025-10-10T01:02:54+00:00","og_image":[{"width":1387,"height":924,"url":"https:\/\/pregnancyoptions.spence-chapin.org\/wp-content\/uploads\/2025\/10\/Pilar-Bram-2-scaled.jpg","type":"image\/jpeg"}],"twitter_card":"summary_large_image","twitter_misc":{"Est. reading time":"4 minutes"},"schema":{"@context":"https:\/\/schema.org","@graph":[{"@type":"WebPage","@id":"https:\/\/pregnancyoptions.spence-chapin.org\/families\/pilar-bram\/","url":"https:\/\/pregnancyoptions.spence-chapin.org\/families\/pilar-bram\/","name":"Pilar y Bram - Tus opciones durante el embarazo","isPartOf":{"@id":"https:\/\/yourpregnancychoices.org\/#website"},"primaryImageOfPage":{"@id":"https:\/\/pregnancyoptions.spence-chapin.org\/families\/pilar-bram\/#primaryimage"},"image":{"@id":"https:\/\/pregnancyoptions.spence-chapin.org\/families\/pilar-bram\/#primaryimage"},"thumbnailUrl":"https:\/\/pregnancyoptions.spence-chapin.org\/wp-content\/uploads\/2025\/10\/Pilar-Bram-2-scaled.jpg","datePublished":"2025-10-10T01:02:53+00:00","dateModified":"2025-10-10T01:02:54+00:00","description":"Bram y Pilar llevan casados nueve a\u00f1os. Bram siempre supo que quer\u00eda ser padre. Pilar tambi\u00e9n sab\u00eda que quer\u00eda ser madre, y hace unos diez a\u00f1os, tuvo la certeza de que quer\u00eda ser madre adoptiva.","breadcrumb":{"@id":"https:\/\/pregnancyoptions.spence-chapin.org\/families\/pilar-bram\/#breadcrumb"},"inLanguage":"es-MX","potentialAction":[{"@type":"ReadAction","target":["https:\/\/pregnancyoptions.spence-chapin.org\/families\/pilar-bram\/"]}]},{"@type":"ImageObject","inLanguage":"es-MX","@id":"https:\/\/pregnancyoptions.spence-chapin.org\/families\/pilar-bram\/#primaryimage","url":"https:\/\/pregnancyoptions.spence-chapin.org\/wp-content\/uploads\/2025\/10\/Pilar-Bram-2-scaled.jpg","contentUrl":"https:\/\/pregnancyoptions.spence-chapin.org\/wp-content\/uploads\/2025\/10\/Pilar-Bram-2-scaled.jpg","width":1387,"height":924},{"@type":"BreadcrumbList","@id":"https:\/\/pregnancyoptions.spence-chapin.org\/families\/pilar-bram\/#breadcrumb","itemListElement":[{"@type":"ListItem","position":1,"name":"Home","item":"https:\/\/pregnancyoptions.spence-chapin.org\/"},{"@type":"ListItem","position":2,"name":"Pilar &amp; Bram"}]},{"@type":"WebSite","@id":"https:\/\/yourpregnancychoices.org\/#website","url":"https:\/\/yourpregnancychoices.org\/","name":"Sus opciones durante el embarazo","description":"Si est\u00e1 embarazada y no est\u00e1 segura de qu\u00e9 hacer, explore sus opciones aqu\u00ed.","publisher":{"@id":"https:\/\/yourpregnancychoices.org\/#organization"},"potentialAction":[{"@type":"SearchAction","target":{"@type":"EntryPoint","urlTemplate":"https:\/\/yourpregnancychoices.org\/?s={search_term_string}"},"query-input":{"@type":"PropertyValueSpecification","valueRequired":true,"valueName":"search_term_string"}}],"inLanguage":"es-MX"},{"@type":"Organization","@id":"https:\/\/yourpregnancychoices.org\/#organization","name":"Sus opciones durante el embarazo","url":"https:\/\/yourpregnancychoices.org\/","logo":{"@type":"ImageObject","inLanguage":"es-MX","@id":"https:\/\/yourpregnancychoices.org\/#\/schema\/logo\/image\/","url":"https:\/\/pregnancyoptions.spence-chapin.org\/wp-content\/uploads\/2019\/10\/cropped-SpenceChapin-Logo-FINAL_Primary-TaglineGeneral-FullColor.png","contentUrl":"https:\/\/pregnancyoptions.spence-chapin.org\/wp-content\/uploads\/2019\/10\/cropped-SpenceChapin-Logo-FINAL_Primary-TaglineGeneral-FullColor.png","width":1207,"height":255,"caption":"Your Pregnancy Choices"},"image":{"@id":"https:\/\/yourpregnancychoices.org\/#\/schema\/logo\/image\/"}}]}},"_links":{"self":[{"href":"https:\/\/pregnancyoptions.spence-chapin.org\/es\/wp-json\/wp\/v2\/families\/12937","targetHints":{"allow":["GET"]}}],"collection":[{"href":"https:\/\/pregnancyoptions.spence-chapin.org\/es\/wp-json\/wp\/v2\/families"}],"about":[{"href":"https:\/\/pregnancyoptions.spence-chapin.org\/es\/wp-json\/wp\/v2\/types\/families"}],"wp:featuredmedia":[{"embeddable":true,"href":"https:\/\/pregnancyoptions.spence-chapin.org\/es\/wp-json\/wp\/v2\/media\/13281"}],"wp:attachment":[{"href":"https:\/\/pregnancyoptions.spence-chapin.org\/es\/wp-json\/wp\/v2\/media?parent=12937"}],"curies":[{"name":"wp","href":"https:\/\/api.w.org\/{rel}","templated":true}]}}